{"id":1191,"date":"2022-01-14T09:41:01","date_gmt":"2022-01-14T08:41:01","guid":{"rendered":"https:\/\/www.keratoconuscentrumnederland.nl\/ist-keratokonus-erblich\/"},"modified":"2022-04-15T12:02:08","modified_gmt":"2022-04-15T10:02:08","slug":"ist-keratokonus-erblich","status":"publish","type":"page","link":"https:\/\/www.keratoconuscentrumnederland.nl\/de\/ist-keratokonus-erblich\/","title":{"rendered":"Ist Keratokonus erblich?"},"content":{"rendered":"<p>[vc_row][vc_column][vc_column_text]<\/p>\n<h2>Erbliche Erkrankung der Hornhaut<\/h2>\n<p>Keratokonus scheint sowohl durch erbliche als auch durch nicht erbliche Faktoren verursacht zu werden. Immer mehr Forschung konzentriert sich auf die erbliche Ursache. Aufgrund der Vererbung w\u00e4re die Hornhaut von Geburt an weniger fest ausgebildet gewesen. Warum sich der Keratokonus erst um die Pubert\u00e4t manifestiert, ist noch immer ein R\u00e4tsel. Erbliche Veranlagung bedeutet nicht zwangsl\u00e4ufig, dass alle Familienmitglieder einen Keratokonus entwickeln. Es besteht ein erh\u00f6htes Risiko f\u00fcr Keratokonus. Achten Sie bei Kindern ab 10 Jahren besonders auf h\u00e4ufiges und starkes Reiben der Augen.<\/p>\n<h2>Angeborener Zustand<\/h2>\n<p>Eine geschw\u00e4chte Hornhaut ist erblich, was aber nicht zwangsl\u00e4ufig bedeutet, dass sich automatisch ein Keratokonus entwickelt. Untersuchungen haben gezeigt, dass das Reiben der Augen das Fortschreiten des Keratokonus stimulieren kann. Ob Augenreiben auch die Ursache f\u00fcr die Entstehung eines Keratokonus sein kann, ist nicht bekannt.<\/p>\n<h2>Anomalien in den Genen<\/h2>\n<p>Keratokonus tritt auch h\u00e4ufiger bei einigen Syndromen auf:<br \/>\nDown-Syndrom, Turner, Ehlers-Danlos und Marfan sind die bekanntesten Beispiele.<\/p>\n<h2>Andere Faktoren als Vererbung<\/h2>\n<p>Vererbung wird am h\u00e4ufigsten als Ursache f\u00fcr die Entwicklung von Keratokonus identifiziert. Es wird jedoch auch regelm\u00e4\u00dfig auf andere Faktoren als die Erblichkeit des Keratokonus hingewiesen. Sie tritt daher auch bei Menschen ohne nachweisbare erbliche Veranlagung auf.<br \/>\n[\/vc_column_text][\/vc_column][\/vc_row]<\/p>\n","protected":false},"excerpt":{"rendered":"<p>[vc_row][vc_column][vc_column_text] Erbliche Erkrankung der Hornhaut Keratokonus scheint sowohl durch erbliche als auch durch nicht erbliche Faktoren verursacht zu werden. Immer mehr Forschung konzentriert sich auf die erbliche Ursache. Aufgrund der Vererbung w\u00e4re die Hornhaut von Geburt an weniger fest ausgebildet gewesen. Warum sich der Keratokonus erst um die Pubert\u00e4t manifestiert,<a class=\"moretag\" href=\"https:\/\/www.keratoconuscentrumnederland.nl\/de\/ist-keratokonus-erblich\/\">&#8230;<\/a><\/p>\n","protected":false},"author":1,"featured_media":0,"parent":0,"menu_order":0,"comment_status":"closed","ping_status":"closed","template":"","meta":{"inline_featured_image":false,"_glsr_average":0,"_glsr_ranking":0,"_glsr_reviews":0,"footnotes":""},"class_list":["post-1191","page","type-page","status-publish","hentry"],"yoast_head":"<!-- This site is optimized with the Yoast SEO plugin v27.2 - https:\/\/yoast.com\/product\/yoast-seo-wordpress\/ -->\n<title>Ist Keratokonus erblich? - Keratoconuscentrum Nederland<\/title>\n<meta name=\"description\" content=\"Es wird angenommen, dass die Augenerkrankung Keratokonus erblich ist. Allerdings gibt es auch Hinweise darauf, dass die Ursache des Keratokonus auf andere Faktoren zur\u00fcckzuf\u00fchren ist.\" \/>\n<meta name=\"robots\" content=\"index, follow, max-snippet:-1, max-image-preview:large, max-video-preview:-1\" \/>\n<link rel=\"canonical\" href=\"https:\/\/www.keratoconuscentrumnederland.nl\/de\/ist-keratokonus-erblich\/\" \/>\n<meta property=\"og:locale\" content=\"de_DE\" \/>\n<meta property=\"og:type\" content=\"article\" \/>\n<meta property=\"og:title\" content=\"Ist Keratokonus erblich? - Keratoconuscentrum Nederland\" \/>\n<meta property=\"og:description\" content=\"Es wird angenommen, dass die Augenerkrankung Keratokonus erblich ist. Allerdings gibt es auch Hinweise darauf, dass die Ursache des Keratokonus auf andere Faktoren zur\u00fcckzuf\u00fchren ist.\" \/>\n<meta property=\"og:url\" content=\"https:\/\/www.keratoconuscentrumnederland.nl\/de\/ist-keratokonus-erblich\/\" \/>\n<meta property=\"og:site_name\" content=\"Keratoconuscentrum Nederland\" \/>\n<meta property=\"article:modified_time\" content=\"2022-04-15T10:02:08+00:00\" \/>\n<meta name=\"twitter:card\" content=\"summary_large_image\" \/>\n<meta name=\"twitter:label1\" content=\"Gesch\u00e4tzte Lesezeit\" \/>\n\t<meta name=\"twitter:data1\" content=\"1\u00a0Minute\" \/>\n<script type=\"application\/ld+json\" class=\"yoast-schema-graph\">{\"@context\":\"https:\/\/schema.org\",\"@graph\":[{\"@type\":\"WebPage\",\"@id\":\"https:\/\/www.keratoconuscentrumnederland.nl\/de\/ist-keratokonus-erblich\/\",\"url\":\"https:\/\/www.keratoconuscentrumnederland.nl\/de\/ist-keratokonus-erblich\/\",\"name\":\"Ist Keratokonus erblich? - Keratoconuscentrum Nederland\",\"isPartOf\":{\"@id\":\"https:\/\/www.keratoconuscentrumnederland.nl\/de\/#website\"},\"datePublished\":\"2022-01-14T08:41:01+00:00\",\"dateModified\":\"2022-04-15T10:02:08+00:00\",\"description\":\"Es wird angenommen, dass die Augenerkrankung Keratokonus erblich ist. Allerdings gibt es auch Hinweise darauf, dass die Ursache des Keratokonus auf andere Faktoren zur\u00fcckzuf\u00fchren ist.\",\"breadcrumb\":{\"@id\":\"https:\/\/www.keratoconuscentrumnederland.nl\/de\/ist-keratokonus-erblich\/#breadcrumb\"},\"inLanguage\":\"de\",\"potentialAction\":[{\"@type\":\"ReadAction\",\"target\":[\"https:\/\/www.keratoconuscentrumnederland.nl\/de\/ist-keratokonus-erblich\/\"]}]},{\"@type\":\"BreadcrumbList\",\"@id\":\"https:\/\/www.keratoconuscentrumnederland.nl\/de\/ist-keratokonus-erblich\/#breadcrumb\",\"itemListElement\":[{\"@type\":\"ListItem\",\"position\":1,\"name\":\"Home\",\"item\":\"https:\/\/www.keratoconuscentrumnederland.nl\/de\/keratokonus-zentrum\/\"},{\"@type\":\"ListItem\",\"position\":2,\"name\":\"Ist Keratokonus erblich?\"}]},{\"@type\":\"WebSite\",\"@id\":\"https:\/\/www.keratoconuscentrumnederland.nl\/de\/#website\",\"url\":\"https:\/\/www.keratoconuscentrumnederland.nl\/de\/\",\"name\":\"Keratoconuscentrum Nederland\",\"description\":\"\",\"publisher\":{\"@id\":\"https:\/\/www.keratoconuscentrumnederland.nl\/de\/#organization\"},\"potentialAction\":[{\"@type\":\"SearchAction\",\"target\":{\"@type\":\"EntryPoint\",\"urlTemplate\":\"https:\/\/www.keratoconuscentrumnederland.nl\/de\/?s={search_term_string}\"},\"query-input\":{\"@type\":\"PropertyValueSpecification\",\"valueRequired\":true,\"valueName\":\"search_term_string\"}}],\"inLanguage\":\"de\"},{\"@type\":\"Organization\",\"@id\":\"https:\/\/www.keratoconuscentrumnederland.nl\/de\/#organization\",\"name\":\"Keratoconuscentrum Nederland\",\"url\":\"https:\/\/www.keratoconuscentrumnederland.nl\/de\/\",\"logo\":{\"@type\":\"ImageObject\",\"inLanguage\":\"de\",\"@id\":\"https:\/\/www.keratoconuscentrumnederland.nl\/de\/#\/schema\/logo\/image\/\",\"url\":\"https:\/\/www.keratoconuscentrumnederland.nl\/wp-content\/uploads\/logo-keratocuscentrum-nederland.png\",\"contentUrl\":\"https:\/\/www.keratoconuscentrumnederland.nl\/wp-content\/uploads\/logo-keratocuscentrum-nederland.png\",\"width\":223,\"height\":97,\"caption\":\"Keratoconuscentrum Nederland\"},\"image\":{\"@id\":\"https:\/\/www.keratoconuscentrumnederland.nl\/de\/#\/schema\/logo\/image\/\"}}]}<\/script>\n<!-- \/ Yoast SEO plugin. -->","yoast_head_json":{"title":"Ist Keratokonus erblich? - Keratoconuscentrum Nederland","description":"Es wird angenommen, dass die Augenerkrankung Keratokonus erblich ist. Allerdings gibt es auch Hinweise darauf, dass die Ursache des Keratokonus auf andere Faktoren zur\u00fcckzuf\u00fchren ist.","robots":{"index":"index","follow":"follow","max-snippet":"max-snippet:-1","max-image-preview":"max-image-preview:large","max-video-preview":"max-video-preview:-1"},"canonical":"https:\/\/www.keratoconuscentrumnederland.nl\/de\/ist-keratokonus-erblich\/","og_locale":"de_DE","og_type":"article","og_title":"Ist Keratokonus erblich? - Keratoconuscentrum Nederland","og_description":"Es wird angenommen, dass die Augenerkrankung Keratokonus erblich ist. Allerdings gibt es auch Hinweise darauf, dass die Ursache des Keratokonus auf andere Faktoren zur\u00fcckzuf\u00fchren ist.","og_url":"https:\/\/www.keratoconuscentrumnederland.nl\/de\/ist-keratokonus-erblich\/","og_site_name":"Keratoconuscentrum Nederland","article_modified_time":"2022-04-15T10:02:08+00:00","twitter_card":"summary_large_image","twitter_misc":{"Gesch\u00e4tzte Lesezeit":"1\u00a0Minute"},"schema":{"@context":"https:\/\/schema.org","@graph":[{"@type":"WebPage","@id":"https:\/\/www.keratoconuscentrumnederland.nl\/de\/ist-keratokonus-erblich\/","url":"https:\/\/www.keratoconuscentrumnederland.nl\/de\/ist-keratokonus-erblich\/","name":"Ist Keratokonus erblich? - Keratoconuscentrum Nederland","isPartOf":{"@id":"https:\/\/www.keratoconuscentrumnederland.nl\/de\/#website"},"datePublished":"2022-01-14T08:41:01+00:00","dateModified":"2022-04-15T10:02:08+00:00","description":"Es wird angenommen, dass die Augenerkrankung Keratokonus erblich ist. Allerdings gibt es auch Hinweise darauf, dass die Ursache des Keratokonus auf andere Faktoren zur\u00fcckzuf\u00fchren ist.","breadcrumb":{"@id":"https:\/\/www.keratoconuscentrumnederland.nl\/de\/ist-keratokonus-erblich\/#breadcrumb"},"inLanguage":"de","potentialAction":[{"@type":"ReadAction","target":["https:\/\/www.keratoconuscentrumnederland.nl\/de\/ist-keratokonus-erblich\/"]}]},{"@type":"BreadcrumbList","@id":"https:\/\/www.keratoconuscentrumnederland.nl\/de\/ist-keratokonus-erblich\/#breadcrumb","itemListElement":[{"@type":"ListItem","position":1,"name":"Home","item":"https:\/\/www.keratoconuscentrumnederland.nl\/de\/keratokonus-zentrum\/"},{"@type":"ListItem","position":2,"name":"Ist Keratokonus erblich?"}]},{"@type":"WebSite","@id":"https:\/\/www.keratoconuscentrumnederland.nl\/de\/#website","url":"https:\/\/www.keratoconuscentrumnederland.nl\/de\/","name":"Keratoconuscentrum Nederland","description":"","publisher":{"@id":"https:\/\/www.keratoconuscentrumnederland.nl\/de\/#organization"},"potentialAction":[{"@type":"SearchAction","target":{"@type":"EntryPoint","urlTemplate":"https:\/\/www.keratoconuscentrumnederland.nl\/de\/?s={search_term_string}"},"query-input":{"@type":"PropertyValueSpecification","valueRequired":true,"valueName":"search_term_string"}}],"inLanguage":"de"},{"@type":"Organization","@id":"https:\/\/www.keratoconuscentrumnederland.nl\/de\/#organization","name":"Keratoconuscentrum Nederland","url":"https:\/\/www.keratoconuscentrumnederland.nl\/de\/","logo":{"@type":"ImageObject","inLanguage":"de","@id":"https:\/\/www.keratoconuscentrumnederland.nl\/de\/#\/schema\/logo\/image\/","url":"https:\/\/www.keratoconuscentrumnederland.nl\/wp-content\/uploads\/logo-keratocuscentrum-nederland.png","contentUrl":"https:\/\/www.keratoconuscentrumnederland.nl\/wp-content\/uploads\/logo-keratocuscentrum-nederland.png","width":223,"height":97,"caption":"Keratoconuscentrum Nederland"},"image":{"@id":"https:\/\/www.keratoconuscentrumnederland.nl\/de\/#\/schema\/logo\/image\/"}}]}},"_links":{"self":[{"href":"https:\/\/www.keratoconuscentrumnederland.nl\/de\/wp-json\/wp\/v2\/pages\/1191","targetHints":{"allow":["GET"]}}],"collection":[{"href":"https:\/\/www.keratoconuscentrumnederland.nl\/de\/wp-json\/wp\/v2\/pages"}],"about":[{"href":"https:\/\/www.keratoconuscentrumnederland.nl\/de\/wp-json\/wp\/v2\/types\/page"}],"author":[{"embeddable":true,"href":"https:\/\/www.keratoconuscentrumnederland.nl\/de\/wp-json\/wp\/v2\/users\/1"}],"replies":[{"embeddable":true,"href":"https:\/\/www.keratoconuscentrumnederland.nl\/de\/wp-json\/wp\/v2\/comments?post=1191"}],"version-history":[{"count":1,"href":"https:\/\/www.keratoconuscentrumnederland.nl\/de\/wp-json\/wp\/v2\/pages\/1191\/revisions"}],"predecessor-version":[{"id":1216,"href":"https:\/\/www.keratoconuscentrumnederland.nl\/de\/wp-json\/wp\/v2\/pages\/1191\/revisions\/1216"}],"wp:attachment":[{"href":"https:\/\/www.keratoconuscentrumnederland.nl\/de\/wp-json\/wp\/v2\/media?parent=1191"}],"curies":[{"name":"wp","href":"https:\/\/api.w.org\/{rel}","templated":true}]}}