{"id":896,"date":"2022-01-14T10:16:23","date_gmt":"2022-01-14T09:16:23","guid":{"rendered":"https:\/\/www.keratoconuscentrumnederland.nl\/wellenfrontkorrektur\/"},"modified":"2022-04-15T11:54:47","modified_gmt":"2022-04-15T09:54:47","slug":"wellenfrontkorrektur","status":"publish","type":"page","link":"https:\/\/www.keratoconuscentrumnederland.nl\/de\/wellenfrontkorrektur\/","title":{"rendered":"Wellenfrontkorrektur"},"content":{"rendered":"<p>[vc_row][vc_column][vc_column_text]<\/p>\n<h2>Kontaktlinsen mit Wellenfrontkorrektur<\/h2>\n<p>Wenn Keratokonus mit Sklerallinsen korrigiert wird, werden nicht alle Brechungsfehler korrigiert. Diese Fehler k\u00f6nnen jedoch nicht durch die St\u00e4rke oder durch Einstellen der Zylinderst\u00e4rke korrigiert werden. Der verbleibende Fehler ist eine Wellenfront.<br \/>\n[\/vc_column_text][\/vc_column][\/vc_row][vc_row][vc_column][vc_column_text]<\/p>\n<h2>Was ist damit?<\/h2>\n<p>[\/vc_column_text][vc_row_inner][vc_column_inner width=&#8220;1\/2&#8243; offset=&#8220;vc_col-xs-6&#8243;][vc_single_image image=&#8220;566&#8243; img_size=&#8220;full&#8220; alignment=&#8220;center&#8220;][\/vc_column_inner][vc_column_inner width=&#8220;1\/2&#8243; offset=&#8220;vc_col-xs-6&#8243;][vc_single_image image=&#8220;567&#8243; img_size=&#8220;full&#8220; alignment=&#8220;center&#8220;][\/vc_column_inner][\/vc_row_inner][vc_column_text]Wenn die Vorderseite der Sklerallinse gemessen wird, kann man sehen, dass die Vorderseite des Auges eine sch\u00f6ne regelm\u00e4\u00dfige Form angenommen hat. Diese vordere Sklerallinse ist in der Lage, einen Buchstaben C scharf zu bekommen.[\/vc_column_text][\/vc_column][\/vc_row][vc_row][vc_column][vc_column_text]<\/p>\n<h2>Doch so ist es nicht; wie ist das passiert?<\/h2>\n<p>[\/vc_column_text][vc_row_inner][vc_column_inner width=&#8220;1\/2&#8243; offset=&#8220;vc_col-xs-6&#8243;][vc_single_image image=&#8220;571&#8243; img_size=&#8220;full&#8220; alignment=&#8220;center&#8220;][\/vc_column_inner][vc_column_inner width=&#8220;1\/2&#8243; offset=&#8220;vc_col-xs-6&#8243;][vc_single_image image=&#8220;572&#8243; img_size=&#8220;full&#8220; alignment=&#8220;center&#8220;][\/vc_column_inner][\/vc_row_inner][vc_column_text]Wenn das Aberrometer den verbleibenden Augenfehler misst, bleibt eine Wellenfront unkorrigiert. Eine Wellenfront ist ein asymmetrischer Augenfehler und kann daher nicht mit einem Zylinder korrigiert werden. Zylinderst\u00e4rken k\u00f6nnen nur symmetrische Muster korrigieren. Ein Testbuchstabe C ist unscharf zu sehen, da die Wellenfront nicht korrigiert wurde. So sieht der Patient den Testbrief!<br \/>\n[\/vc_column_text][\/vc_column][\/vc_row][vc_row][vc_column][vc_column_text]<\/p>\n<h2>Was bewirkt eine Wellenfrontkorrektur?<\/h2>\n<p>[\/vc_column_text][vc_row_inner][vc_column_inner width=&#8220;1\/2&#8243;][vc_single_image image=&#8220;573&#8243; img_size=&#8220;full&#8220; alignment=&#8220;center&#8220;][\/vc_column_inner][vc_column_inner width=&#8220;1\/2&#8243;][\/vc_column_inner][\/vc_row_inner][vc_column_text]Indem die Vorderseite der Linse mit einer korrigierenden Wellenfront versehen wird, wird das Ergebnis deutlich verbessert.[\/vc_column_text][\/vc_column][\/vc_row][vc_row][vc_column][vc_column_text]<\/p>\n<h2>Wie sieht dieser Patient mit einer wellenfrontkorrigierten Sklerallinse?<\/h2>\n<p>[\/vc_column_text][vc_row_inner][vc_column_inner width=&#8220;1\/2&#8243; offset=&#8220;vc_col-xs-6&#8243;][vc_single_image image=&#8220;575&#8243; img_size=&#8220;full&#8220; alignment=&#8220;center&#8220;][\/vc_column_inner][vc_column_inner width=&#8220;1\/2&#8243; offset=&#8220;vc_col-xs-6&#8243;][vc_single_image image=&#8220;576&#8243; img_size=&#8220;full&#8220; alignment=&#8220;center&#8220;][\/vc_column_inner][\/vc_row_inner][vc_column_text]Die verbleibende Wellenfront ist jetzt viel gleichm\u00e4\u00dfiger in der Form. Der Buchstabe C ist viel sch\u00e4rfer.<br \/>\n[\/vc_column_text][\/vc_column][\/vc_row][vc_row][vc_column][vc_column_text]<\/p>\n<h2>Messaugen mit Wellenfrontkorrektur<\/h2>\n<p>Das Keratokonuszentrum in den Niederlanden ist das erste Zentrum in den Niederlanden, in dem Wellenfrontkorrekturen an Sklerallinsen angeboten werden k\u00f6nnen.<br \/>\nNeuerdings ist es auch m\u00f6glich, weiche Keratokonuslinsen mit einer Wellenfrontkorrektur auszustatten.<br \/>\nMehr M\u00f6glichkeiten Keratokonus besser zu korrigieren.<br \/>\nWenn Sie abends und\/oder tags\u00fcber Sehprobleme haben oder mit Kontaktlinsen klarer sehen m\u00f6chten, vereinbaren Sie einen Termin f\u00fcr eine Messung.<br \/>\n[\/vc_column_text][\/vc_column][\/vc_row]<\/p>\n","protected":false},"excerpt":{"rendered":"<p>[vc_row][vc_column][vc_column_text] Kontaktlinsen mit Wellenfrontkorrektur Wenn Keratokonus mit Sklerallinsen korrigiert wird, werden nicht alle Brechungsfehler korrigiert. Diese Fehler k\u00f6nnen jedoch nicht durch die St\u00e4rke oder durch Einstellen der Zylinderst\u00e4rke korrigiert werden. Der verbleibende Fehler ist eine Wellenfront. [\/vc_column_text][\/vc_column][\/vc_row][vc_row][vc_column][vc_column_text] Was ist damit? [\/vc_column_text][vc_row_inner][vc_column_inner width=&#8220;1\/2&#8243; offset=&#8220;vc_col-xs-6&#8243;][vc_single_image image=&#8220;566&#8243; img_size=&#8220;full&#8220; alignment=&#8220;center&#8220;][\/vc_column_inner][vc_column_inner width=&#8220;1\/2&#8243; offset=&#8220;vc_col-xs-6&#8243;][vc_single_image image=&#8220;567&#8243; img_size=&#8220;full&#8220;<a class=\"moretag\" href=\"https:\/\/www.keratoconuscentrumnederland.nl\/de\/wellenfrontkorrektur\/\">&#8230;<\/a><\/p>\n","protected":false},"author":1,"featured_media":0,"parent":0,"menu_order":0,"comment_status":"closed","ping_status":"closed","template":"","meta":{"inline_featured_image":false,"_glsr_average":0,"_glsr_ranking":0,"_glsr_reviews":0,"footnotes":""},"class_list":["post-896","page","type-page","status-publish","hentry"],"yoast_head":"<!-- This site is optimized with the Yoast SEO plugin v27.2 - https:\/\/yoast.com\/product\/yoast-seo-wordpress\/ -->\n<title>Wellenfrontkorrektur - Keratoconuscentrum Nederland<\/title>\n<meta name=\"description\" content=\"Eine Wavefront-Korrektur kann eine hervorragende L\u00f6sung f\u00fcr Menschen mit Keratokonus bieten. Dies f\u00fchrt zu einer besseren Sichtbarkeit im Dunkeln. Weiterlesen.\" \/>\n<meta name=\"robots\" content=\"index, follow, max-snippet:-1, max-image-preview:large, max-video-preview:-1\" \/>\n<link rel=\"canonical\" href=\"https:\/\/www.keratoconuscentrumnederland.nl\/de\/wellenfrontkorrektur\/\" \/>\n<meta property=\"og:locale\" content=\"de_DE\" \/>\n<meta property=\"og:type\" content=\"article\" \/>\n<meta property=\"og:title\" content=\"Wellenfrontkorrektur - Keratoconuscentrum Nederland\" \/>\n<meta property=\"og:description\" content=\"Eine Wavefront-Korrektur kann eine hervorragende L\u00f6sung f\u00fcr Menschen mit Keratokonus bieten. Dies f\u00fchrt zu einer besseren Sichtbarkeit im Dunkeln. Weiterlesen.\" \/>\n<meta property=\"og:url\" content=\"https:\/\/www.keratoconuscentrumnederland.nl\/de\/wellenfrontkorrektur\/\" \/>\n<meta property=\"og:site_name\" content=\"Keratoconuscentrum Nederland\" \/>\n<meta property=\"article:modified_time\" content=\"2022-04-15T09:54:47+00:00\" \/>\n<meta name=\"twitter:card\" content=\"summary_large_image\" \/>\n<meta name=\"twitter:label1\" content=\"Gesch\u00e4tzte Lesezeit\" \/>\n\t<meta name=\"twitter:data1\" content=\"3\u00a0Minuten\" \/>\n<script type=\"application\/ld+json\" class=\"yoast-schema-graph\">{\"@context\":\"https:\/\/schema.org\",\"@graph\":[{\"@type\":\"WebPage\",\"@id\":\"https:\/\/www.keratoconuscentrumnederland.nl\/de\/wellenfrontkorrektur\/\",\"url\":\"https:\/\/www.keratoconuscentrumnederland.nl\/de\/wellenfrontkorrektur\/\",\"name\":\"Wellenfrontkorrektur - Keratoconuscentrum Nederland\",\"isPartOf\":{\"@id\":\"https:\/\/www.keratoconuscentrumnederland.nl\/de\/#website\"},\"datePublished\":\"2022-01-14T09:16:23+00:00\",\"dateModified\":\"2022-04-15T09:54:47+00:00\",\"description\":\"Eine Wavefront-Korrektur kann eine hervorragende L\u00f6sung f\u00fcr Menschen mit Keratokonus bieten. Dies f\u00fchrt zu einer besseren Sichtbarkeit im Dunkeln. Weiterlesen.\",\"breadcrumb\":{\"@id\":\"https:\/\/www.keratoconuscentrumnederland.nl\/de\/wellenfrontkorrektur\/#breadcrumb\"},\"inLanguage\":\"de\",\"potentialAction\":[{\"@type\":\"ReadAction\",\"target\":[\"https:\/\/www.keratoconuscentrumnederland.nl\/de\/wellenfrontkorrektur\/\"]}]},{\"@type\":\"BreadcrumbList\",\"@id\":\"https:\/\/www.keratoconuscentrumnederland.nl\/de\/wellenfrontkorrektur\/#breadcrumb\",\"itemListElement\":[{\"@type\":\"ListItem\",\"position\":1,\"name\":\"Home\",\"item\":\"https:\/\/www.keratoconuscentrumnederland.nl\/de\/keratokonus-zentrum\/\"},{\"@type\":\"ListItem\",\"position\":2,\"name\":\"Wellenfrontkorrektur\"}]},{\"@type\":\"WebSite\",\"@id\":\"https:\/\/www.keratoconuscentrumnederland.nl\/de\/#website\",\"url\":\"https:\/\/www.keratoconuscentrumnederland.nl\/de\/\",\"name\":\"Keratoconuscentrum Nederland\",\"description\":\"\",\"publisher\":{\"@id\":\"https:\/\/www.keratoconuscentrumnederland.nl\/de\/#organization\"},\"potentialAction\":[{\"@type\":\"SearchAction\",\"target\":{\"@type\":\"EntryPoint\",\"urlTemplate\":\"https:\/\/www.keratoconuscentrumnederland.nl\/de\/?s={search_term_string}\"},\"query-input\":{\"@type\":\"PropertyValueSpecification\",\"valueRequired\":true,\"valueName\":\"search_term_string\"}}],\"inLanguage\":\"de\"},{\"@type\":\"Organization\",\"@id\":\"https:\/\/www.keratoconuscentrumnederland.nl\/de\/#organization\",\"name\":\"Keratoconuscentrum Nederland\",\"url\":\"https:\/\/www.keratoconuscentrumnederland.nl\/de\/\",\"logo\":{\"@type\":\"ImageObject\",\"inLanguage\":\"de\",\"@id\":\"https:\/\/www.keratoconuscentrumnederland.nl\/de\/#\/schema\/logo\/image\/\",\"url\":\"https:\/\/www.keratoconuscentrumnederland.nl\/wp-content\/uploads\/logo-keratocuscentrum-nederland.png\",\"contentUrl\":\"https:\/\/www.keratoconuscentrumnederland.nl\/wp-content\/uploads\/logo-keratocuscentrum-nederland.png\",\"width\":223,\"height\":97,\"caption\":\"Keratoconuscentrum Nederland\"},\"image\":{\"@id\":\"https:\/\/www.keratoconuscentrumnederland.nl\/de\/#\/schema\/logo\/image\/\"}}]}<\/script>\n<!-- \/ Yoast SEO plugin. -->","yoast_head_json":{"title":"Wellenfrontkorrektur - Keratoconuscentrum Nederland","description":"Eine Wavefront-Korrektur kann eine hervorragende L\u00f6sung f\u00fcr Menschen mit Keratokonus bieten. Dies f\u00fchrt zu einer besseren Sichtbarkeit im Dunkeln. Weiterlesen.","robots":{"index":"index","follow":"follow","max-snippet":"max-snippet:-1","max-image-preview":"max-image-preview:large","max-video-preview":"max-video-preview:-1"},"canonical":"https:\/\/www.keratoconuscentrumnederland.nl\/de\/wellenfrontkorrektur\/","og_locale":"de_DE","og_type":"article","og_title":"Wellenfrontkorrektur - Keratoconuscentrum Nederland","og_description":"Eine Wavefront-Korrektur kann eine hervorragende L\u00f6sung f\u00fcr Menschen mit Keratokonus bieten. Dies f\u00fchrt zu einer besseren Sichtbarkeit im Dunkeln. Weiterlesen.","og_url":"https:\/\/www.keratoconuscentrumnederland.nl\/de\/wellenfrontkorrektur\/","og_site_name":"Keratoconuscentrum Nederland","article_modified_time":"2022-04-15T09:54:47+00:00","twitter_card":"summary_large_image","twitter_misc":{"Gesch\u00e4tzte Lesezeit":"3\u00a0Minuten"},"schema":{"@context":"https:\/\/schema.org","@graph":[{"@type":"WebPage","@id":"https:\/\/www.keratoconuscentrumnederland.nl\/de\/wellenfrontkorrektur\/","url":"https:\/\/www.keratoconuscentrumnederland.nl\/de\/wellenfrontkorrektur\/","name":"Wellenfrontkorrektur - Keratoconuscentrum Nederland","isPartOf":{"@id":"https:\/\/www.keratoconuscentrumnederland.nl\/de\/#website"},"datePublished":"2022-01-14T09:16:23+00:00","dateModified":"2022-04-15T09:54:47+00:00","description":"Eine Wavefront-Korrektur kann eine hervorragende L\u00f6sung f\u00fcr Menschen mit Keratokonus bieten. Dies f\u00fchrt zu einer besseren Sichtbarkeit im Dunkeln. Weiterlesen.","breadcrumb":{"@id":"https:\/\/www.keratoconuscentrumnederland.nl\/de\/wellenfrontkorrektur\/#breadcrumb"},"inLanguage":"de","potentialAction":[{"@type":"ReadAction","target":["https:\/\/www.keratoconuscentrumnederland.nl\/de\/wellenfrontkorrektur\/"]}]},{"@type":"BreadcrumbList","@id":"https:\/\/www.keratoconuscentrumnederland.nl\/de\/wellenfrontkorrektur\/#breadcrumb","itemListElement":[{"@type":"ListItem","position":1,"name":"Home","item":"https:\/\/www.keratoconuscentrumnederland.nl\/de\/keratokonus-zentrum\/"},{"@type":"ListItem","position":2,"name":"Wellenfrontkorrektur"}]},{"@type":"WebSite","@id":"https:\/\/www.keratoconuscentrumnederland.nl\/de\/#website","url":"https:\/\/www.keratoconuscentrumnederland.nl\/de\/","name":"Keratoconuscentrum Nederland","description":"","publisher":{"@id":"https:\/\/www.keratoconuscentrumnederland.nl\/de\/#organization"},"potentialAction":[{"@type":"SearchAction","target":{"@type":"EntryPoint","urlTemplate":"https:\/\/www.keratoconuscentrumnederland.nl\/de\/?s={search_term_string}"},"query-input":{"@type":"PropertyValueSpecification","valueRequired":true,"valueName":"search_term_string"}}],"inLanguage":"de"},{"@type":"Organization","@id":"https:\/\/www.keratoconuscentrumnederland.nl\/de\/#organization","name":"Keratoconuscentrum Nederland","url":"https:\/\/www.keratoconuscentrumnederland.nl\/de\/","logo":{"@type":"ImageObject","inLanguage":"de","@id":"https:\/\/www.keratoconuscentrumnederland.nl\/de\/#\/schema\/logo\/image\/","url":"https:\/\/www.keratoconuscentrumnederland.nl\/wp-content\/uploads\/logo-keratocuscentrum-nederland.png","contentUrl":"https:\/\/www.keratoconuscentrumnederland.nl\/wp-content\/uploads\/logo-keratocuscentrum-nederland.png","width":223,"height":97,"caption":"Keratoconuscentrum Nederland"},"image":{"@id":"https:\/\/www.keratoconuscentrumnederland.nl\/de\/#\/schema\/logo\/image\/"}}]}},"_links":{"self":[{"href":"https:\/\/www.keratoconuscentrumnederland.nl\/de\/wp-json\/wp\/v2\/pages\/896","targetHints":{"allow":["GET"]}}],"collection":[{"href":"https:\/\/www.keratoconuscentrumnederland.nl\/de\/wp-json\/wp\/v2\/pages"}],"about":[{"href":"https:\/\/www.keratoconuscentrumnederland.nl\/de\/wp-json\/wp\/v2\/types\/page"}],"author":[{"embeddable":true,"href":"https:\/\/www.keratoconuscentrumnederland.nl\/de\/wp-json\/wp\/v2\/users\/1"}],"replies":[{"embeddable":true,"href":"https:\/\/www.keratoconuscentrumnederland.nl\/de\/wp-json\/wp\/v2\/comments?post=896"}],"version-history":[{"count":10,"href":"https:\/\/www.keratoconuscentrumnederland.nl\/de\/wp-json\/wp\/v2\/pages\/896\/revisions"}],"predecessor-version":[{"id":1042,"href":"https:\/\/www.keratoconuscentrumnederland.nl\/de\/wp-json\/wp\/v2\/pages\/896\/revisions\/1042"}],"wp:attachment":[{"href":"https:\/\/www.keratoconuscentrumnederland.nl\/de\/wp-json\/wp\/v2\/media?parent=896"}],"curies":[{"name":"wp","href":"https:\/\/api.w.org\/{rel}","templated":true}]}}